{"id":11,"date":"2011-06-28T15:27:03","date_gmt":"2011-06-28T14:27:03","guid":{"rendered":"http:\/\/apbbbib.wordpress.com\/?page_id=11"},"modified":"2026-01-28T15:39:56","modified_gmt":"2026-01-28T14:39:56","slug":"vorstand","status":"publish","type":"page","link":"https:\/\/www.apbb.de\/weblog\/?page_id=11","title":{"rendered":"Vorstand"},"content":{"rendered":"\n<p><strong>Vorsitzende<\/strong><\/p>\n\n\n\n<div class=\"wp-block-group is-nowrap is-layout-flex wp-container-core-group-is-layout-ad2f72ca wp-block-group-is-layout-flex\"><div class=\"wp-block-image\">\n<figure class=\"alignleft is-resized\"><a href=\"https:\/\/www.apbb.de\/weblog\/wp-content\/uploads\/2021\/05\/Portrait_Hansing_fuer_Vorstandsseite.jpg\"><img loading=\"lazy\" decoding=\"async\" width=\"150\" height=\"150\" src=\"https:\/\/www.apbb.de\/weblog\/wp-content\/uploads\/2021\/05\/Portrait_Hansing_fuer_Vorstandsseite-150x150.jpg\" alt=\"Portr\u00e4t Hildegard Hansing\" class=\"wp-image-3032\" style=\"width:150px;height:auto\" srcset=\"https:\/\/www.apbb.de\/weblog\/wp-content\/uploads\/2021\/05\/Portrait_Hansing_fuer_Vorstandsseite-150x150.jpg 150w, https:\/\/www.apbb.de\/weblog\/wp-content\/uploads\/2021\/05\/Portrait_Hansing_fuer_Vorstandsseite-300x300.jpg 300w, https:\/\/www.apbb.de\/weblog\/wp-content\/uploads\/2021\/05\/Portrait_Hansing_fuer_Vorstandsseite-768x768.jpg 768w, https:\/\/www.apbb.de\/weblog\/wp-content\/uploads\/2021\/05\/Portrait_Hansing_fuer_Vorstandsseite-1024x1024.jpg 1024w\" sizes=\"auto, (max-width: 150px) 100vw, 150px\" \/><\/a><figcaption class=\"wp-element-caption\">Portr\u00e4t Hildegard Hansing<\/figcaption><\/figure>\n<\/div>\n\n\n<p class=\"has-text-align-left\"><strong>Hildegard Hansing<\/strong><br \/>Staatskanzlei Nordrhein-Westfalen<br \/>Bibliothek der Landesregierung<br \/>Hubertusstr. 9, 40219 D\u00fcsseldorf<br \/>Tel: +49 (0)211\/837-1247<br \/>E-Mail: <a href=\"mailto:vorstandsvorsitzende@apbb.de\">vorstandsvorsitzende@apbb.de<\/a><\/p>\n<\/div>\n\n\n\n<hr class=\"wp-block-separator has-alpha-channel-opacity\"\/>\n\n\n\n<div class=\"wp-block-group is-nowrap is-layout-flex wp-container-core-group-is-layout-ad2f72ca wp-block-group-is-layout-flex\"><div class=\"wp-block-image\">\n<figure class=\"alignleft size-thumbnail is-resized\"><a href=\"https:\/\/www.apbb.de\/weblog\/wp-content\/uploads\/2025\/07\/image.jpeg\"><img loading=\"lazy\" decoding=\"async\" width=\"150\" height=\"150\" src=\"https:\/\/www.apbb.de\/weblog\/wp-content\/uploads\/2025\/07\/image-150x150.jpeg\" alt=\"Portr\u00e4t Johannes Graupe\" class=\"wp-image-4960\" style=\"width:150px\"\/><\/a><figcaption class=\"wp-element-caption\">Portr\u00e4t Johannes Graupe<\/figcaption><\/figure>\n<\/div>\n\n\n<p><strong>Johannes Graupe<\/strong> <br \/>Deutsche Bundesbank &#8211; Bibliothek<br \/>Wilhelm-Epstein-Stra\u00dfe 14, 60431 Frankfurt am Main<br \/>Tel.: +49 (0)69\/9566-13577<\/p>\n<\/div>\n\n\n\n<hr class=\"wp-block-separator has-alpha-channel-opacity\"\/>\n\n\n\n<div class=\"wp-block-group is-nowrap is-layout-flex wp-container-core-group-is-layout-ad2f72ca wp-block-group-is-layout-flex\">\n<figure class=\"wp-block-image size-medium is-resized\"><a href=\"https:\/\/www.apbb.de\/weblog\/wp-content\/uploads\/2024\/08\/Gisela-Gruhn-Accaino-Deutscher-Bundestag-Bibliothek-2.jpg\"><img loading=\"lazy\" decoding=\"async\" width=\"225\" height=\"300\" src=\"https:\/\/www.apbb.de\/weblog\/wp-content\/uploads\/2024\/08\/Gisela-Gruhn-Accaino-Deutscher-Bundestag-Bibliothek-2-225x300.jpg\" alt=\"Portr\u00e4t Gisela Gruhn-Accaino\" class=\"wp-image-4570\" style=\"width:150px;height:auto\" srcset=\"https:\/\/www.apbb.de\/weblog\/wp-content\/uploads\/2024\/08\/Gisela-Gruhn-Accaino-Deutscher-Bundestag-Bibliothek-2-225x300.jpg 225w, https:\/\/www.apbb.de\/weblog\/wp-content\/uploads\/2024\/08\/Gisela-Gruhn-Accaino-Deutscher-Bundestag-Bibliothek-2-768x1024.jpg 768w, https:\/\/www.apbb.de\/weblog\/wp-content\/uploads\/2024\/08\/Gisela-Gruhn-Accaino-Deutscher-Bundestag-Bibliothek-2-1152x1536.jpg 1152w, https:\/\/www.apbb.de\/weblog\/wp-content\/uploads\/2024\/08\/Gisela-Gruhn-Accaino-Deutscher-Bundestag-Bibliothek-2.jpg 1488w\" sizes=\"auto, (max-width: 225px) 100vw, 225px\" \/><\/a><figcaption class=\"wp-element-caption\">Portr\u00e4t <br \/>Gisela Gruhn-Accaino<\/figcaption><\/figure>\n\n\n\n<p><strong>Gisela Gruhn-Accaino<\/strong><br \/>Deutscher Bundestag &#8211; Bibliothek<br \/>Platz der Republik 1, 11011 Berlin<br \/>Tel: +49 (0)30\/227-35177<br \/><\/p>\n<\/div>\n\n\n\n<div class=\"wp-block-group is-nowrap is-layout-flex wp-container-core-group-is-layout-ad2f72ca wp-block-group-is-layout-flex\"><div class=\"wp-block-image\">\n<figure class=\"alignleft size-full is-resized\"><a href=\"https:\/\/www.apbb.de\/weblog\/wp-content\/uploads\/2024\/08\/Foto_Sina_Kesselhut-1-1-1.jpg\"><img loading=\"lazy\" decoding=\"async\" width=\"542\" height=\"770\" src=\"https:\/\/www.apbb.de\/weblog\/wp-content\/uploads\/2024\/08\/Foto_Sina_Kesselhut-1-1-1.jpg\" alt=\"Portr\u00e4t Sina Kesselhut\" class=\"wp-image-4566\" style=\"aspect-ratio:3\/4;object-fit:cover;width:130px\" srcset=\"https:\/\/www.apbb.de\/weblog\/wp-content\/uploads\/2024\/08\/Foto_Sina_Kesselhut-1-1-1.jpg 542w, https:\/\/www.apbb.de\/weblog\/wp-content\/uploads\/2024\/08\/Foto_Sina_Kesselhut-1-1-1-211x300.jpg 211w\" sizes=\"auto, (max-width: 542px) 100vw, 542px\" \/><\/a><figcaption class=\"wp-element-caption\">Portr\u00e4t Sina Kesselhut<\/figcaption><\/figure>\n<\/div>\n\n\n<p class=\"has-text-align-left\"><strong>Sina Kesselhut<\/strong><br \/>Bundesministerium der Finanzen<br \/>Bibliothek<br \/>Wilhelmstra\u00dfe 97, 10117 Berlin<br \/>Tel: : +49 (0) 30\/18682-4434<br \/><\/p>\n<\/div>\n\n\n\n<hr class=\"wp-block-separator has-alpha-channel-opacity\"\/>\n\n\n\n<div class=\"wp-block-group is-nowrap is-layout-flex wp-container-core-group-is-layout-ad2f72ca wp-block-group-is-layout-flex\">\n<p><strong>Wiebke Pelz<\/strong><br \/>Ministerium f\u00fcr Kinder, Jugend, Familie, Gleichstellung, Flucht und Integration des Landes Nordrhein-Westfalen &amp; Ministerium f\u00fcr Wirtschaft, Industrie, Klimaschutz und Energie des Landes Nordrhein-Westfalen<br \/>Bibliothek und Informationsvermittlung<br \/>V\u00f6lklinger Str. 4, 40219 D\u00fcsseldorf<br \/><\/p>\n<\/div>\n\n\n\n<hr class=\"wp-block-separator has-alpha-channel-opacity\"\/>\n\n\n\n<div class=\"wp-block-group is-nowrap is-layout-flex wp-container-core-group-is-layout-ad2f72ca wp-block-group-is-layout-flex\"><div class=\"wp-block-image\">\n<figure class=\"alignleft size-full is-resized\"><a href=\"https:\/\/www.apbb.de\/weblog\/wp-content\/uploads\/2024\/08\/Foto_Karen_Schmohl-3.jpg\"><img loading=\"lazy\" decoding=\"async\" width=\"599\" height=\"716\" src=\"https:\/\/www.apbb.de\/weblog\/wp-content\/uploads\/2024\/08\/Foto_Karen_Schmohl-3.jpg\" alt=\"Portr\u00e4t Karen Schmohl\" class=\"wp-image-4553\" style=\"width:150px\" srcset=\"https:\/\/www.apbb.de\/weblog\/wp-content\/uploads\/2024\/08\/Foto_Karen_Schmohl-3.jpg 599w, https:\/\/www.apbb.de\/weblog\/wp-content\/uploads\/2024\/08\/Foto_Karen_Schmohl-3-251x300.jpg 251w\" sizes=\"auto, (max-width: 599px) 100vw, 599px\" \/><\/a><figcaption class=\"wp-element-caption\">Portr\u00e4t Karen Schmohl<\/figcaption><\/figure>\n<\/div>\n\n\n<p><strong>Karen Schmohl<\/strong><br \/>Ausw\u00e4rtiges Amt<br \/>Bibliothek und Informationsvermittlung<br \/>Werderscher Markt 1, 10117 Berlin<br \/>Telefon: +49 (0)30\u20131817 2297<\/p>\n<\/div>\n\n\n\n<hr class=\"wp-block-separator has-alpha-channel-opacity\"\/>\n\n\n\n<div class=\"wp-block-group is-nowrap is-layout-flex wp-container-core-group-is-layout-ad2f72ca wp-block-group-is-layout-flex\"><div class=\"wp-block-image\">\n<figure class=\"alignleft is-resized\"><a href=\"https:\/\/www.apbb.de\/weblog\/wp-content\/uploads\/2023\/06\/Tronich-scaled.jpg\"><img loading=\"lazy\" decoding=\"async\" width=\"2560\" height=\"2560\" src=\"https:\/\/www.apbb.de\/weblog\/wp-content\/uploads\/2023\/06\/Tronich-scaled.jpg\" alt=\"Portr\u00e4t Stefanie Tronich\" class=\"wp-image-3615\" style=\"width:150px\" srcset=\"https:\/\/www.apbb.de\/weblog\/wp-content\/uploads\/2023\/06\/Tronich-scaled.jpg 2560w, https:\/\/www.apbb.de\/weblog\/wp-content\/uploads\/2023\/06\/Tronich-300x300.jpg 300w, https:\/\/www.apbb.de\/weblog\/wp-content\/uploads\/2023\/06\/Tronich-1024x1024.jpg 1024w, https:\/\/www.apbb.de\/weblog\/wp-content\/uploads\/2023\/06\/Tronich-150x150.jpg 150w, https:\/\/www.apbb.de\/weblog\/wp-content\/uploads\/2023\/06\/Tronich-768x768.jpg 768w, https:\/\/www.apbb.de\/weblog\/wp-content\/uploads\/2023\/06\/Tronich-1536x1536.jpg 1536w, https:\/\/www.apbb.de\/weblog\/wp-content\/uploads\/2023\/06\/Tronich-2048x2048.jpg 2048w\" sizes=\"auto, (max-width: 2560px) 100vw, 2560px\" \/><\/a><figcaption class=\"wp-element-caption\">Portr\u00e4t Stefanie Tronich<\/figcaption><\/figure>\n<\/div>\n\n\n<p><strong>Stefanie Tronich<\/strong><br \/>Deutscher St\u00e4dtetag, Informations- und Wissensmanagement<br \/>Gereonstra\u00dfe 18 &#8211; 32, &nbsp;50670 K\u00f6ln<br \/>Tel.: +49 (0)221\/3771-261<br \/><br \/><\/p>\n<\/div>\n\n\n\n<hr class=\"wp-block-separator has-alpha-channel-opacity\"\/>\n\n\n\n<div class=\"wp-block-group is-nowrap is-layout-flex wp-container-core-group-is-layout-ad2f72ca wp-block-group-is-layout-flex\">\n<p><strong>Anke V\u00f6lzmann<\/strong><br \/>Landschaftverband Rheinland, LVR-Bibliothek der Zentralverwaltung<br \/>Hermann-P\u00fcnder-Stra\u00dfe 1, 50679 K\u00f6ln<br \/>Tel.: +49 (0)221\/809-6040<\/p>\n<\/div>\n\n\n\n<hr class=\"wp-block-separator has-alpha-channel-opacity\"\/>\n\n\n\n<div class=\"wp-block-group is-nowrap is-layout-flex wp-container-core-group-is-layout-ad2f72ca wp-block-group-is-layout-flex\"><div class=\"wp-block-image\">\n<figure class=\"alignleft size-large is-resized\"><a href=\"https:\/\/www.apbb.de\/weblog\/wp-content\/uploads\/2023\/06\/Heike-Welfonder_72.jpg\"><img decoding=\"async\" src=\"https:\/\/www.apbb.de\/weblog\/wp-content\/uploads\/2023\/06\/Heike-Welfonder_72-e1701164314664.jpg\" alt=\"Portr\u00e4t Heike Welfonder\" style=\"width:150px\"\/><\/a><figcaption class=\"wp-element-caption\">Portr\u00e4t Heike Welfonder<\/figcaption><\/figure>\n<\/div>\n\n\n<p><strong>Heike Welfonder<\/strong><br \/>Deutsche Rentenversicherung<br \/>Rheinland &#8211; Bibliothek<br \/>K\u00f6nigsallee 71, 40215 D\u00fcsseldorf<br \/>Tel.: +49 (0)211\/937-2002<\/p>\n<\/div>\n\n\n\n<hr class=\"wp-block-separator has-alpha-channel-opacity\"\/>\n\n\n\n<div class=\"wp-block-group is-nowrap is-layout-flex wp-container-core-group-is-layout-ad2f72ca wp-block-group-is-layout-flex\">\n<p><strong>Gabriele Zips<\/strong><br \/>Bundesamt f\u00fcr Migration und Fl\u00fcchtlinge<br \/>Medien- und Informationslogistik<br \/>Frankenstra\u00dfe 210, 90461 N\u00fcrnberg<br \/>Tel.: +49 (0)911\/943-16221<\/p>\n<\/div>\n","protected":false},"excerpt":{"rendered":"<p>Vorsitzende Hildegard HansingStaatskanzlei Nordrhein-WestfalenBibliothek der LandesregierungHubertusstr. 9, 40219 D\u00fcsseldorfTel: +49 (0)211\/837-1247E-Mail: vorstandsvorsitzende@apbb.de Johannes Graupe Deutsche Bundesbank &#8211; BibliothekWilhelm-Epstein-Stra\u00dfe 14, 60431 Frankfurt am MainTel.: +49 (0)69\/9566-13577 Gisela Gruhn-AccainoDeutscher Bundestag &#8211; BibliothekPlatz der Republik 1, 11011 BerlinTel: +49 (0)30\/227-35177 Sina KesselhutBundesministerium der FinanzenBibliothekWilhelmstra\u00dfe 97, 10117 BerlinTel: : +49 (0) 30\/18682-4434 Wiebke PelzMinisterium f\u00fcr Kinder, Jugend, Familie, Gleichstellung, Flucht und Integration des Landes Nordrhein-Westfalen &amp; Ministerium f\u00fcr Wirtschaft, Industrie, Klimaschutz und Energie des Landes Nordrhein-WestfalenBibliothek und InformationsvermittlungV\u00f6lklinger Str. 4, 40219 D\u00fcsseldorf Karen SchmohlAusw\u00e4rtiges AmtBibliothek und InformationsvermittlungWerderscher Markt 1, 10117 BerlinTelefon: +49 (0)30\u20131817 2297 Stefanie TronichDeutscher St\u00e4dtetag, Informations- und WissensmanagementGereonstra\u00dfe 18 &#8211; 32, &nbsp;50670 K\u00f6lnTel.: +49 (0)221\/3771-261 Anke V\u00f6lzmannLandschaftverband Rheinland, LVR-Bibliothek der ZentralverwaltungHermann-P\u00fcnder-Stra\u00dfe 1, &hellip; <a href=\"https:\/\/www.apbb.de\/weblog\/?page_id=11\">Weiterlesen <span class=\"meta-nav\">&rarr;<\/span><\/a><\/p>\n","protected":false},"author":3,"featured_media":0,"parent":14,"menu_order":0,"comment_status":"closed","ping_status":"closed","template":"sidebar-page.php","meta":{"footnotes":""},"class_list":["post-11","page","type-page","status-publish","hentry"],"_links":{"self":[{"href":"https:\/\/www.apbb.de\/weblog\/index.php?rest_route=\/wp\/v2\/pages\/11","targetHints":{"allow":["GET"]}}],"collection":[{"href":"https:\/\/www.apbb.de\/weblog\/index.php?rest_route=\/wp\/v2\/pages"}],"about":[{"href":"https:\/\/www.apbb.de\/weblog\/index.php?rest_route=\/wp\/v2\/types\/page"}],"author":[{"embeddable":true,"href":"https:\/\/www.apbb.de\/weblog\/index.php?rest_route=\/wp\/v2\/users\/3"}],"replies":[{"embeddable":true,"href":"https:\/\/www.apbb.de\/weblog\/index.php?rest_route=%2Fwp%2Fv2%2Fcomments&post=11"}],"version-history":[{"count":117,"href":"https:\/\/www.apbb.de\/weblog\/index.php?rest_route=\/wp\/v2\/pages\/11\/revisions"}],"predecessor-version":[{"id":5180,"href":"https:\/\/www.apbb.de\/weblog\/index.php?rest_route=\/wp\/v2\/pages\/11\/revisions\/5180"}],"up":[{"embeddable":true,"href":"https:\/\/www.apbb.de\/weblog\/index.php?rest_route=\/wp\/v2\/pages\/14"}],"wp:attachment":[{"href":"https:\/\/www.apbb.de\/weblog\/index.php?rest_route=%2Fwp%2Fv2%2Fmedia&parent=11"}],"curies":[{"name":"wp","href":"https:\/\/api.w.org\/{rel}","templated":true}]}}