{"id":127,"date":"2011-07-14T11:43:30","date_gmt":"2011-07-14T10:43:30","guid":{"rendered":"http:\/\/apbbbib.wordpress.com\/?page_id=127"},"modified":"2026-02-02T08:06:33","modified_gmt":"2026-02-02T07:06:33","slug":"fortbildungen","status":"publish","type":"page","link":"https:\/\/www.apbb.de\/weblog\/?page_id=127","title":{"rendered":"Fortbildungen"},"content":{"rendered":"\n<p><strong>\u00dcberg\u00e4nge gestalten \u2013 Wissen \u00fcbermitteln \u2013 und gut weitergehen<\/strong><\/p>\n\n\n\n<p><strong>Termin<\/strong>: Montag, 4. Mai 2026 (Beginn 10.00 Uhr) bis Dienstag, 5. Mai 2026 (Ende 16.30 Uhr)<\/p>\n\n\n\n<p><strong>Veranstalter<\/strong>: APBB<\/p>\n\n\n\n<p><strong>Veranstaltungsort:<\/strong> Ministerium f\u00fcr Kinder, Jugend, Familie, Gleichstellung, Flucht und Integration, V\u00f6lklinger Stra\u00dfe 4, 40219 D\u00fcsseldorf<\/p>\n\n\n\n<p><strong>Zielgruppe<\/strong>: Besch\u00e4ftigte in Parlaments- und Beh\u00f6rdenbibliotheken und in juristischen Bibliotheken<\/p>\n\n\n\n<p><strong>Lernziel:<\/strong> Die Teilnehmenden lernen, ihr Wissen weiterzugeben und sich mit dem Weg in den \u201eUnruhe\u201c-Stand auseinanderzusetzen<\/p>\n\n\n\n<p><strong>Seminargr\u00f6\u00dfe: <\/strong>maximal 16 Personen<\/p>\n\n\n\n<p><strong>Referent:<\/strong> Hansj\u00f6rg Auer (Soziologe) war ehemals Coach und Mediator in der Landesverwaltung S\u00fcdtirols, er hat bereits 2021 und 2024 Workshops f\u00fcr Beh\u00f6rdenbibliothekare gehalten.<\/p>\n\n\n\n<p><strong>Inhalt:<\/strong> Diese Veranstaltung wird als Workshop durchgef\u00fchrt, mit praktischen Anteilen, der M\u00f6glichkeit zur pers\u00f6nlichen Reflexion und beruflichen R\u00fcckschau und mit vertrauten Fachkolleginnen und Fachkollegen.<br \/>Sollten Sie planen, in den n\u00e4chsten Jahren in den wohlverdienten (Un-)Ruhestand zu gehen und m\u00f6chten Sie Ihr Wissen \u00fcbermitteln, bevor Sie die von Ihnen aufgebaute oder gef\u00fchrte Beh\u00f6rdenbibliothek in andere H\u00e4nde \u00fcbergeben, bekommen Sie ganz gewiss bei dieser Veranstaltung viele wertvolle Hinweise.<\/p>\n\n\n\n<p>\u00dcber den Workshop 2024 in Frankfurt am Main hat G\u00fcnter Hinkes aus Teilnehmersicht in der letzten <a href=\"https:\/\/www.apbb.de\/weblog\/wp-content\/uploads\/2025\/09\/APBB-aktuell_76.pdf\">APBB aktuell <\/a>berichtet.<\/p>\n\n\n\n<p><strong>Kosten:<\/strong> Mitglieder der APBB: 80,00 \u20ac; andere Teilnehmende: 100,00 \u20ac<\/p>\n\n\n\n<p><a href=\"https:\/\/www.apbb.de\/weblog\/wp-content\/uploads\/2026\/01\/Anmeldung_Internet_Uebergaenge_2026_Duesseldorf.pdf\">Anmeldeformular<\/a> (ausf\u00fcllbares PDF)<\/p>\n\n\n\n<hr class=\"wp-block-separator has-alpha-channel-opacity\"\/>\n\n\n\n<p>Weitere bibliothekarische Fortbildungsangebote finden Sie bei <strong><em><a href=\"https:\/\/www.library-training.de\/\" target=\"_blank\" rel=\"noreferrer noopener\">library-training.de<\/a><\/em><\/strong>, einem  Service von <a href=\"https:\/\/www.vdb-online.org\" target=\"_blank\" rel=\"noreferrer noopener\">VDB<\/a> und <a href=\"http:\/\/www.bib-info.de\" target=\"_blank\" rel=\"noreferrer noopener\">BIB<\/a>.<\/p>\n\n\n\n<p><\/p>\n","protected":false},"excerpt":{"rendered":"<p>\u00dcberg\u00e4nge gestalten \u2013 Wissen \u00fcbermitteln \u2013 und gut weitergehen Termin: Montag, 4. Mai 2026 (Beginn 10.00 Uhr) bis Dienstag, 5. Mai 2026 (Ende 16.30 Uhr) Veranstalter: APBB Veranstaltungsort: Ministerium f\u00fcr Kinder, Jugend, Familie, Gleichstellung, Flucht und Integration, V\u00f6lklinger Stra\u00dfe 4, 40219 D\u00fcsseldorf Zielgruppe: Besch\u00e4ftigte in Parlaments- und Beh\u00f6rdenbibliotheken und in juristischen Bibliotheken Lernziel: Die Teilnehmenden lernen, ihr Wissen weiterzugeben und sich mit dem Weg in den \u201eUnruhe\u201c-Stand auseinanderzusetzen Seminargr\u00f6\u00dfe: maximal 16 Personen Referent: Hansj\u00f6rg Auer (Soziologe) war ehemals Coach und Mediator in der Landesverwaltung S\u00fcdtirols, er hat bereits 2021 und 2024 Workshops f\u00fcr Beh\u00f6rdenbibliothekare gehalten. Inhalt: Diese Veranstaltung wird als Workshop durchgef\u00fchrt, mit praktischen Anteilen, der M\u00f6glichkeit zur pers\u00f6nlichen Reflexion &hellip; <a href=\"https:\/\/www.apbb.de\/weblog\/?page_id=127\">Weiterlesen <span class=\"meta-nav\">&rarr;<\/span><\/a><\/p>\n","protected":false},"author":3,"featured_media":0,"parent":47,"menu_order":0,"comment_status":"closed","ping_status":"closed","template":"sidebar-page.php","meta":{"footnotes":""},"class_list":["post-127","page","type-page","status-publish","hentry"],"_links":{"self":[{"href":"https:\/\/www.apbb.de\/weblog\/index.php?rest_route=\/wp\/v2\/pages\/127","targetHints":{"allow":["GET"]}}],"collection":[{"href":"https:\/\/www.apbb.de\/weblog\/index.php?rest_route=\/wp\/v2\/pages"}],"about":[{"href":"https:\/\/www.apbb.de\/weblog\/index.php?rest_route=\/wp\/v2\/types\/page"}],"author":[{"embeddable":true,"href":"https:\/\/www.apbb.de\/weblog\/index.php?rest_route=\/wp\/v2\/users\/3"}],"replies":[{"embeddable":true,"href":"https:\/\/www.apbb.de\/weblog\/index.php?rest_route=%2Fwp%2Fv2%2Fcomments&post=127"}],"version-history":[{"count":197,"href":"https:\/\/www.apbb.de\/weblog\/index.php?rest_route=\/wp\/v2\/pages\/127\/revisions"}],"predecessor-version":[{"id":5183,"href":"https:\/\/www.apbb.de\/weblog\/index.php?rest_route=\/wp\/v2\/pages\/127\/revisions\/5183"}],"up":[{"embeddable":true,"href":"https:\/\/www.apbb.de\/weblog\/index.php?rest_route=\/wp\/v2\/pages\/47"}],"wp:attachment":[{"href":"https:\/\/www.apbb.de\/weblog\/index.php?rest_route=%2Fwp%2Fv2%2Fmedia&parent=127"}],"curies":[{"name":"wp","href":"https:\/\/api.w.org\/{rel}","templated":true}]}}