{"id":819,"date":"2012-07-12T10:09:27","date_gmt":"2012-07-12T09:09:27","guid":{"rendered":"http:\/\/wp1147124.wp177.webpack.hosteurope.de\/weblog\/?page_id=819"},"modified":"2026-01-28T11:30:00","modified_gmt":"2026-01-28T10:30:00","slug":"archiv-der-fortbildungsveranstaltungen","status":"publish","type":"page","link":"https:\/\/www.apbb.de\/weblog\/?page_id=819","title":{"rendered":"Archiv der Fortbildungen"},"content":{"rendered":"\n<p><strong>2025<\/strong><\/p>\n\n\n\n<hr class=\"wp-block-separator has-alpha-channel-opacity\"\/>\n\n\n\n<p><strong>APBB-Workshop 2025 \u201eScience tracking \u2013 Problem- und Handlungsfelder in Bibliotheken\u201c<\/strong><\/p>\n\n\n\n<p><strong>Wann: <\/strong>Donnerstag, 6. November 2025<br \/><strong>Uhrzeit: <\/strong>9:30\u201313:30 Uhr<br \/><strong>Wo<\/strong>: Online (via Jabber)<br \/><strong>Teilnahmeberechtigte: <\/strong>APBB-Mitglieder<\/p>\n\n\n\n<hr class=\"wp-block-separator has-alpha-channel-opacity\"\/>\n\n\n\n<p><strong>Worum geht es?<\/strong><br \/>Zun\u00e4chst wird das Ph\u00e4nomen Science Tracking (die Nachverfolgung von Aktivit\u00e4ten auf<br \/>digitalen Plattformen, die z. B. von Wissenschaftsverlagen angeboten werden)<br \/>charakterisiert, anschlie\u00dfend geht es um die spezifischen Problemfelder, die sich f\u00fcr<br \/>Bibliothekar*innen aus dem Tracking von Hausangeh\u00f6rigen ergeben. Zudem sollen das<br \/>Bewusstsein und die Aufmerksamkeit f\u00fcr das Thema erh\u00f6ht werden. Auch aktive<br \/>Ma\u00dfnahmen gegen Tracking werden angesprochen.<br \/><br \/><strong>Wie ist die Vorgehensweise?<\/strong><br \/>Das Format gestaltet sich durch den fachlichen Input der Vortragenden und den direkt<br \/>anschlie\u00dfenden Fragen der Teilnehmenden. Das Gespr\u00e4chsformat kann allgemeine<br \/>Fragen beantworten und generelle Strukturen offenlegen. Wegen der unterschiedlichen<br \/>politischen und IT-technischen Strukturen der APBB-Mitgliedsh\u00e4user muss ein Transfer<br \/>auf die eigene Bibliothek jedoch selbstst\u00e4ndig erfolgen.<br \/><br \/><strong>Wer tr\u00e4gt vor?<\/strong><br \/>Dr. Yuliya Fadeeva ist Wissenschaftliche Mitarbeiterin an der Universit\u00e4t Duisburg-Essen<br \/>und besch\u00e4ftigt sich mit dem Themenfeld Science Tracking. Im Sommersemester 2025<br \/>hielt sie ein Seminar zum Thema \u201eDigitale Transformation der Wissenschaft\u201c und<br \/>gestaltete im Juni 2025 im Rahmen des Berliner Bibliothekswissenschaftlichen<br \/>Kolloquiums (BBK) einen Vortrag zum Thema Science Tracking.<br \/><br \/><strong>Wer kann teilnehmen?<\/strong><br \/>Es k\u00f6nnen ausschlie\u00dflich APBB-Mitgliedr teilnehmen. Die Anzahl der Pl\u00e4tze ist durch das Online-Format unbegrenzt. <br \/>Die Einwahldaten entnehmen Sie bitte den Informationen im <a href=\"https:\/\/www.apbb.de\/weblog\/?page_id=5018\" data-type=\"page\" data-id=\"5018\">internen Mitgliederbereich<\/a>.<\/p>\n\n\n<h1>\u00a0<\/h1>\n\n\n<p><strong>2024<\/strong><\/p>\n\n\n\n<p><strong>\u00dcberg\u00e4nge gestalten \u2013 Wissen \u00fcbermitteln \u2013 und gut weitergehen<\/strong><\/p>\n\n\n\n<p><strong>Termin<\/strong>: Dienstag, 3. Dezember 2024 bis Mittwoch, 04. Dezember 2024. <strong>Veranstalter:<\/strong> APBB. <strong>Veranstaltungsort:&nbsp;<\/strong>Evangelische Akademie Frankfurt, R\u00f6merberg 9, 60311 Frankfurt a. Main<\/p>\n\n\n\n<figure class=\"wp-block-table\"><table><tbody><tr><td><strong>Zielgruppe<\/strong><\/td><td>Besch\u00e4ftigte in Parlaments- und Beh\u00f6rdenbibliotheken und in juristischen Bibliotheken<\/td><\/tr><tr><td><strong>Lernziel<\/strong><\/td><td>Die Teilnehmenden lernen, ihr Wissen weiterzugeben und sich mit dem Weg in den &#8222;Unruhe&#8220;-Stand auseinanderzusetzen<\/td><\/tr><tr><td><strong>Referent und Referentin<\/strong><\/td><td>Hansj\u00f6rg Auer ; Maria G\u00f6ckeritz<br \/><br \/><strong>Hansj\u00f6rg Auer<\/strong> (Soziologe) war ehemals Coach und Mediator in der Landesverwaltung S\u00fcdtirols, er hat bereits 2021 einen<br \/>Workshop f\u00fcr Beh\u00f6rdenbibliothekare in Erfurt gehalten.<br \/><strong>Maria G\u00f6ckeritz<\/strong> (MLS) war \u00fcber 30 Jahre als Parlaments- und Beh\u00f6rdenbibliothekarin in verschiedenen Bibliotheken f\u00fcr den Freistaat Th\u00fcringen t\u00e4tig.<\/td><\/tr><tr><td><strong>Seminargr\u00f6\u00dfe<\/strong><\/td><td>10 Personen<\/td><\/tr><tr><td><strong>Termin<\/strong><\/td><td>Dienstag, 03.12.2024 Beginn 10.00 Uhr<br \/>Mittwoch, 04.12.2024 Ende: 16.30 Uhr<\/td><\/tr><tr><td><strong>Veranstaltungsort<\/strong><\/td><td>Evangelische Akademie Frankfurt<br \/>R\u00f6merberg 9<br \/>60311 Frankfurt a. Main<\/td><\/tr><tr><td><strong>Inhalt<\/strong><\/td><td>Diese Veranstaltung wird als Workshop durchgef\u00fchrt, mit praktischen Anteilen, der M\u00f6glichkeit zur pers\u00f6nlichen Reflexion und beruflichen R\u00fcckschau in regenerativem Ambiente und mit vertrauten FachkollegInnen.<br \/>Sollten Sie planen, in den n\u00e4chsten Jahren in den wohlverdienten (Un-)Ruhestand zu gehen und m\u00f6chten Sie Ihr Wissen \u00fcbermitteln, bevor Sie die von Ihnen aufgebaute oder gef\u00fchrte Beh\u00f6rdenbibliothek in andere H\u00e4nde \u00fcbergeben, bekommen Sie ganz gewiss bei dieser Veranstaltung viele wertvolle Hinweise.<\/td><\/tr><\/tbody><\/table><\/figure>\n\n\n\n<figure class=\"wp-block-table\"><table><tbody><tr><td><strong>Kosten<\/strong><\/td><td>Mitglieder der APBB: Keine.- \u20ac; Andere Teilnehmende: 60.- \u20ac<\/td><\/tr><tr><td><strong>Anmeldefrist<\/strong><\/td><td>Es sind noch Pl\u00e4tze frei. Anmeldung sind noch m\u00f6glich<\/td><\/tr><\/tbody><\/table><\/figure>\n\n\n\n<p><a href=\"https:\/\/www.apbb.de\/weblog\/wp-content\/uploads\/2024\/06\/Anmeldung_Internet_Uebergaenge_2024_Frankfurt.pdf\">Anmeldeformular<\/a><\/p>\n\n\n\n<h1><strong>2023<\/strong><\/h1>\n<hr \/>\n\n\n<p><strong>Die Erschlie\u00dfung von juristischen Werken und deren Kommentare auf Grundlage des Regelwerks \u201eRessource Description and Access\u201c (RDA)<\/strong><\/p>\n\n\n\n<p><strong>Termin<\/strong>: 29. \u2013 30. November 2023. <strong>Veranstalter:<\/strong> APBB <strong>Veranstaltungsort:&nbsp;<\/strong> M\u00fcnchen, Deutsches Patent- und Markenamt, Zweibr\u00fcckenstr. 12, 80331 M\u00fcnchen<\/p>\n\n\n\n<figure class=\"wp-block-table\"><table><tbody><tr><td><strong>Zielgruppe und<\/strong> <strong>Voraussetzungen<\/strong><\/td><td>Besch\u00e4ftigte in Parlaments- und Beh\u00f6rdenbibliotheken und in juristischen Bibliotheken<\/td><\/tr><tr><td><strong>Lernziel<\/strong><\/td><td>Die Teilnehmenden lernen die Grundz\u00fcge des Regelwerks und ihre Anwendung in Parlaments- und Beh\u00f6rdenbibliotheken kennen<\/td><\/tr><tr><td><strong>Referentin<\/strong><\/td><td>Silvia Schmidt<\/td><\/tr><tr><td><strong>Seminargr\u00f6\u00dfe<\/strong><\/td><td>13<\/td><\/tr><tr><td><strong>Termin<\/strong><\/td><td>Mi. 29. \u2013 Do. 30. November 2023<\/td><\/tr><tr><td><strong>Veranstaltungsort<\/strong><\/td><td>M\u00fcnchen, Deutsches Patent- und Markenamt<\/td><\/tr><tr><td><strong>Inhalt<\/strong><\/td><td>Im Rahmen der Veranstaltung wird die Bestimmung des bevorzugten Titels und die Bildung normierter Sucheinstiege f\u00fcr verschiedene Arten juristischer Werke nach dem Regelwerk unter Ber\u00fccksichtigung der Anwendungsrichtlinien D-A-CH der RDA vermittelt und deren Umsetzungsm\u00f6glichkeiten in den Einrichtungen der Teilnehmenden diskutiert. Weitere Themen sind die Ressourcenbeschreibungen f\u00fcr kommentierte Ausgaben von Gesetzen sowie Zusammenstellungen von Gesetzen oder anderer Rechtsmaterialien.     <br \/>&#8211; Definition\/Geltungsbereich <br \/>&#8211; Grundprinzipien der Erfassung <br \/>&#8211; Normierte Sucheinstiege <br \/>&#8211; Kommentierte Ausgaben von Gesetzen <br \/>&#8211; Zusammenstellungen <br \/>&#8211; Ausgew\u00e4hlte Anwendungsbeispiele. &nbsp;           <br \/> <strong>Veranstaltung der APBB<\/strong><\/td><\/tr><tr><td><strong>Kosten<\/strong><\/td><td>Mitglieder der APBB: 80.- \u20ac; Andere Teilnehmer: 120.- \u20ac<\/td><\/tr><tr><td><strong>Anmeldefrist<\/strong><\/td><td><strong>10.11.2023<\/strong><\/td><\/tr><\/tbody><\/table><\/figure>\n\n\n\n<div data-wp-interactive=\"core\/file\" class=\"wp-block-file\"><object data-wp-bind--hidden=\"!state.hasPdfPreview\" hidden class=\"wp-block-file__embed\" data=\"https:\/\/www.apbb.de\/weblog\/wp-content\/uploads\/2023\/10\/Anmeldung_RDA_2023_Muenchen.pdf\" type=\"application\/pdf\" style=\"width:100%;height:600px\" aria-label=\"Einbettung von Anmeldung_RDA_2023_Muenchen.\"><\/object><a id=\"wp-block-file--media-a6739d9c-34e4-4707-9527-550fcfee7a71\" href=\"https:\/\/www.apbb.de\/weblog\/wp-content\/uploads\/2023\/10\/Anmeldung_RDA_2023_Muenchen.pdf\">Anmeldung_RDA_2023_Muenchen<\/a><a href=\"https:\/\/www.apbb.de\/weblog\/wp-content\/uploads\/2023\/10\/Anmeldung_RDA_2023_Muenchen.pdf\" class=\"wp-block-file__button wp-element-button\" download aria-describedby=\"wp-block-file--media-a6739d9c-34e4-4707-9527-550fcfee7a71\">Herunterladen<\/a><\/div>\n\n\n\n<hr class=\"wp-block-separator has-alpha-channel-opacity is-style-wide\"\/>\n\n\n\n<p><strong>Urheberrecht in Bibliotheken und staatlichen Institutionen<\/strong><\/p>\n\n\n\n<p><strong>Termin:<\/strong> 25. Oktober , 9:30 \u2013 13:00<\/p>\n\n\n\n<p><strong>Beschreibung:<\/strong><\/p>\n\n\n\n<p>Das Urheberrechtsgesetz trat Anfang 1966 in Kraft. Seitdem wurde es bedingt durch den Medienwandel mehrfach aktualisiert. Die letzten beiden \u00c4nderungen von 2018 und 2021 haben die Bibliotheken in eine herausragende Position versetzt. Genauso wie Gerichte und Beh\u00f6rden schon seit Inkrafttreten des Gesetzes k\u00f6nnen jetzt auch Bibliotheken zahlreiche gesetzlich erlaubte Nutzungen f\u00fcr ihre T\u00e4tigkeit einsetzen.<\/p>\n\n\n\n<p>Das Online-Seminar wird gemeinsam von der Deutschen Gesellschaft f\u00fcr Information und Wissen (DGI) und der Arbeitsgemeinschaft der Parlaments- und Beh\u00f6rdenbibliotheken (APBB) angeboten. Es stellt die Regelungen des Urheberrechtsgesetzes allgemein und mit besonderem Fokus auf Bibliotheken in staatlichen Institutionen vor.<\/p>\n\n\n\n<p>Fragen k\u00f6nnen gerne schon vorweg eingereicht werden.<\/p>\n\n\n\n<p><strong>Referent:<\/strong><\/p>\n\n\n\n<p>Dr. Harald M\u00fcller ist promovierter Jurist und Bibliothekar, er gilt als langj\u00e4hriger Experte auf dem Gebiet des Bibliotheksrechts mit 172 Ver\u00f6ffentlichungen und \u00fcber 420 Vortr\u00e4gen. Derzeit ist er Dozent f\u00fcr Bibliotheksrecht an der Bibliotheksakademie Bayern, Stellvertretender Sprecher des Aktionsb\u00fcndnisses Urheberrecht f\u00fcr Bildung und Wissenschaft, sowie Mitglied im Policy Committee des Projekts Knowledge Rights 21.<\/p>\n\n\n\n<p><strong>Teilnehmeranzahl:<\/strong><br \/>maximal 20 Personen<\/p>\n\n\n\n<p><strong>Tool \/ Technik:<\/strong><br \/>Ben\u00f6tigt wird ein internetf\u00e4higes Endger\u00e4t (PC oder Laptop). In der Regel finden die Seminare \u00fcber Zoom statt. F\u00fcr Zoom ben\u00f6tigen Sie eine Webcam sowie ein Headset oder ein anderes Audiosystem.<\/p>\n\n\n\n<p><strong>Kosten:<\/strong><br \/>EUR 88,00- zzgl. 7% MwSt. (DGI-Mitglieder)<br \/>EUR 98,00- zzgl. 7% MwSt. (Nicht-Mitglieder)<\/p>\n\n\n\n<hr class=\"wp-block-separator has-alpha-channel-opacity\"\/>\n\n\n\n<h2 class=\"wp-block-heading\"><strong>Einf\u00fchrung in das internationale Regelwerk \u201eRessource Description and Access\u201c (RDA)<\/strong><\/h2>\n\n\n\n<p><strong>Termin<\/strong>: 13. &#8211; 14. Juni 2023\n<strong>Veranstalter:<\/strong> APBB\n<strong>Veranstaltungsort:&nbsp;<\/strong> B\u00fcrgerschaft der Freien und Hansestadt Hamburg, B\u00fcrgerschaftskanzlei<\/p>\n\n\n\n<p><\/p>\n\n\n\n<figure class=\"wp-block-table\"><table><tbody><tr><td><strong>Zielgruppe und<\/strong> <strong>Voraussetzungen<\/strong><\/td><td>Besch\u00e4ftigte in Parlaments- und Beh\u00f6rdenbibliotheken<\/td><\/tr><tr><td><strong>Lernziel<\/strong><\/td><td>Die Teilnehmenden lernen die Grundz\u00fcge des Regelwerks und ihre Anwendung in Parlaments- und Beh\u00f6rdenbibliotheken kennen<\/td><\/tr><tr><td><strong>Referentin<\/strong><\/td><td>Silvia Schmidt, Bundesverwaltungsgericht Leipzig<\/td><\/tr><tr><td><strong>Seminargr\u00f6\u00dfe<\/strong><\/td><td>20<\/td><\/tr><tr><td><strong>Termin<\/strong><\/td><td>Di. 13. \u2013 Mi. 14. Juni 2023<\/td><\/tr><tr><td><strong>Veranstaltungsort<\/strong><\/td><td>B\u00fcrgerschaft der Freien und Hansestadt Hamburg, B\u00fcrgerschaftskanzlei, Informationsdienste &#8211; Parlamentsbibliothek, Schmiedestr. 2, Sitzungssaal 1<\/td><\/tr><tr><td><strong>Inhalt<\/strong><\/td><td>Einf\u00fchrung in das internationale Regelwerk \u201eRessource Description And Access\u201c (RDA). 2016 wurde dieses Regelwerk bundesweit f\u00fcr die Formalerschlie\u00dfung in Bibliotheken eingef\u00fchrt. Damit \u00e4ndert sich die Erfassung in Bibliothekskatalogen grundlegend. Die Teilnehmenden lernen die Grundz\u00fcge des neuen Regelwerks und ihre Anwendung kennen.\n\n&#8211; Entstehung\n&#8211; Theoretische Grundlagen\n&#8211; Terminologie der RDA\n&#8211; Standardelemente\n&#8211; Anwendungen. <strong>&nbsp;<\/strong>\n<strong>Veranstaltung der APBB<\/strong><\/td><\/tr><tr><td><strong>Kosten<\/strong><\/td><td>Mitglieder der APBB: 80.- \u20ac; Andere Teilnehmer: 120.- \u20ac<\/td><\/tr><tr><td><strong>Anmeldefrist<\/strong><\/td><td><strong>30.05.2023<\/strong><\/td><\/tr><\/tbody><\/table><\/figure>\n\n\n\n<div class=\"wp-block-file\"><a id=\"wp-block-file--media-1e590a24-7a6b-4f01-a1f6-dba7261d3c57\" href=\"https:\/\/www.apbb.de\/weblog\/wp-content\/uploads\/2023\/03\/Anmeldung_Internet_RDA_2023_Hamburg.docx\"><strong>Anmeldung RDA Hamburg<\/strong><\/a><a href=\"https:\/\/www.apbb.de\/weblog\/wp-content\/uploads\/2023\/03\/Anmeldung_Internet_RDA_2023_Hamburg.docx\" class=\"wp-block-file__button wp-element-button\" download aria-describedby=\"wp-block-file--media-1e590a24-7a6b-4f01-a1f6-dba7261d3c57\">Herunterladen<\/a><\/div>\n\n\n<hr \/>\n<p><strong>Die Erschlie\u00dfung von juristischen Werken und deren Kommentare auf Grundlage des Regelwerks \u201eRessource Description and Access\u201c (RDA)<\/strong><\/p>\n<p><!-- \/wp:post-content --><!-- wp:paragraph --><strong>Termin<\/strong>: 09. &#8211; 10. Mai 2023<br \/>\n<strong>Veranstalter:<\/strong> APBB<br \/>\n<strong>Veranstaltungsort:\u00a0<\/strong> Ministerium f\u00fcr Kinder, Jugend, Familie, Gleichstellung, Flucht und Integration, D\u00fcsseldorf<\/p>\n<p><!-- \/wp:paragraph --><!-- wp:paragraph \/--><!-- wp:table --><\/p>\n<figure class=\"wp-block-table\">\n<table>\n<tbody>\n<tr>\n<td><strong>Zielgruppe und<\/strong> <strong>Voraussetzungen<\/strong><\/td>\n<td>Besch\u00e4ftigte in Parlaments- und Beh\u00f6rdenbibliotheken mit RDA- Grundkenntnissen<\/td>\n<\/tr>\n<tr>\n<td><strong>Lernziel<\/strong><\/td>\n<td>Die Teilnehmenden lernen die erg\u00e4nzenden Bestimmungen f\u00fcr<br \/>\njuristische Werke und ihre Anwendung in Parlaments- und<br \/>\nBeh\u00f6rdenbibliotheken kennen<\/td>\n<\/tr>\n<tr>\n<td><strong>Referentin<\/strong><\/td>\n<td>Silvia Schmidt, Bundesverwaltungsgericht Leipzig<\/td>\n<\/tr>\n<tr>\n<td><strong>Seminargr\u00f6\u00dfe<\/strong><\/td>\n<td>15<\/td>\n<\/tr>\n<tr>\n<td><strong>Termin<\/strong><\/td>\n<td>Di. 09. &#8211; Mi. 10. Mai 2023<\/td>\n<\/tr>\n<tr>\n<td><strong>Veranstaltungsort<\/strong><\/td>\n<td>Ministerium f\u00fcr Kinder, Jugend, Familie, Gleichstellung, Flucht und Integration NRW, V\u00f6lklinger Str. 4, 40219 D\u00fcsseldorf<\/td>\n<\/tr>\n<tr>\n<td><strong>Inhalt<\/strong><\/td>\n<td>Im Rahmen der Veranstaltung wird die Bestimmung des bevorzugten<br \/>\nTitels und die Bildung normierter Sucheinstiege f\u00fcr verschiedene Arten juristischer Werke nach dem Regelwerk unter Ber\u00fccksichtigung der Anwendungsrichtlinien D-A-CH der RDA vermittelt und deren Umsetzungsm\u00f6glichkeiten in den Einrichtungen der Teilnehmenden diskutiert. Weitere Themen sind die Ressourcenbeschreibungen f\u00fcr kommentierte Ausgaben von Gesetzen sowie Zusammenstellungen von Gesetzen oder anderer Rechtsmaterialien.\n<p>&#8211; Definition\/Geltungsbereich<br \/>\n&#8211; Grundprinzipien der Erfassung<br \/>\n&#8211; Normierte Sucheinstiege<br \/>\n&#8211; Kommentierte Ausgaben von Gesetzen<br \/>\n&#8211; Zusammenstellungen<br \/>\n&#8211; Ausgew\u00e4hlte Anwendungsbeispiele <strong>\u00a0<\/strong><br \/>\n<strong>Veranstaltung der APBB<\/strong><\/p>\n<\/td>\n<\/tr>\n<tr>\n<td><strong>Kosten<\/strong><\/td>\n<td>Mitglieder der APBB: 80.- \u20ac; Andere Teilnehmende: 120.- \u20ac<\/td>\n<\/tr>\n<tr>\n<td><strong>Anmeldefrist<\/strong><\/td>\n<td><strong>20.04.2023<\/strong><\/td>\n<\/tr>\n<\/tbody>\n<\/table>\n<\/figure>\n<p><!-- \/wp:table --><!-- wp:file {\"id\":3536,\"href\":\"https:\/\/www.apbb.de\/weblog\/wp-content\/uploads\/2023\/03\/Anmeldung_Internet_RDA_2023_Duesseldorf.docx\"} --><\/p>\n<div class=\"wp-block-file\"><a id=\"wp-block-file--media-30026db3-0baa-49d4-81df-7c193c2253ab\" href=\"https:\/\/www.apbb.de\/weblog\/wp-content\/uploads\/2023\/03\/Anmeldung_Internet_RDA_2023_Duesseldorf.docx\"><strong>Anmeldung RDA D\u00fcsseldorf<\/strong><\/a><a class=\"wp-block-file__button wp-element-button\" href=\"https:\/\/www.apbb.de\/weblog\/wp-content\/uploads\/2023\/03\/Anmeldung_Internet_RDA_2023_Duesseldorf.docx\" download=\"\" aria-describedby=\"wp-block-file--media-30026db3-0baa-49d4-81df-7c193c2253ab\">Herunterladen<\/a><\/div>\n<p><!-- \/wp:file --><\/p>\n<hr \/>\n<h1><strong>2022<\/strong><\/h1>\n<hr \/>\n<p><strong>Urheberrecht in Bibliotheken und Institutionen \/ Referent Harald M\u00fcller<br \/>\n<\/strong><\/p>\n<p><strong>Termin<\/strong>: 16.11.2022 \u00a0\u00a0 9.30 \u2013 12.30 Uhr<\/p>\n<p><strong>Veranstaltende:<\/strong> DIG in Zusammenarbeit mit der APBB<br \/>\n<strong>Veranstaltungsort: <\/strong>Videomeeting<\/p>\n<p>Das Online-Seminar wird gemeinsam von der Deutschen Gesellschaft f\u00fcr Information und Wissen (DGI) und der Arbeitsgemeinschaft der Parlaments- und Beh\u00f6rdenbibliotheken (APBB) angeboten. Es stellt die Regelungen des Urheberrechtsgesetzes allgemein und mit besonderem Fokus auf Bibliotheken in staatlichen Institutionen vor. Fragen k\u00f6nnen gerne schon vorweg eingereicht werden.<\/p>\n<p>Weitere Infos sowie den Link zur Anmeldung: <a href=\"https:\/\/dgi-info.de\/event\/urheberrecht-in-bibliotheken-und-staatlichen-institutionen-2\/\">https:\/\/dgi-info.de\/event\/urheberrecht-in-bibliotheken-und-staatlichen-institutionen-2\/<\/a><\/p>\n<p>F\u00fcr R\u00fcckfragen wenden Sie sich bitte an:<\/p>\n<p>Bibliothek und Informationsvermittlung des Ministeriums f\u00fcr Kinder, Jugend, Familie, Gleichstellung, Flucht und Integration des Landes Nordrhein-Westfalen &amp; des Ministeriums f\u00fcr Wirtschaft, Industrie, Klimaschutz und Energie des Landes Nordrhein-Westfalen<\/p>\n<p>Tel.:\u00a0\u00a0\u00a0\u00a0\u00a0 +49-(0)211-837-2447\u00a0\u00a0\u00a0 und\u00a0\u00a0\u00a0 +49-(0)211-837-2448<\/p>\n<p>E-Mail: \u00a0 <a href=\"mailto:bibliothek@mkjfgfi.nrw.de\">bibliothek@mkjfgfi.nrw.de<\/a><\/p>\n<hr \/>\n<p><strong>Podcasts f\u00fcr die Bibliothek &#8211; von der Konzeption bis zur Produktion &#8211; Inhouse-Schulung f\u00fcr Parlaments- und Beh\u00f6rdenbibliotheken (mangels Interesse leider abgesagt)<br \/>\n<\/strong><\/p>\n<p><strong>Termine<\/strong>: 14.10.2022 \u00a0\u00a0 9.30 \u2013 12.30 Uhr\u00a0 und 28.10.2022\u00a0 9.30 \u2013 12.00 Uhr. Es f\u00e4llt eine Selbstlernphase von etwa 2,5 Stunden zwischen den Videomeetings an.<\/p>\n<p><strong>Veranstaltende:<\/strong> APBB in Zusammenarbeit mit dem ZBIW K\u00f6ln<br \/>\n<strong>Veranstaltungsort: <\/strong>Videomeeting<\/p>\n<p>Hinweise: Besch\u00e4ftigte des Landes NRW kreuzen bitte \u201eBesch\u00e4ftigte\/r des Landes\u201c an. Alle anderen w\u00e4hlen bitte \u201eSonstige Bibliothek \/ Einrichtung \/ Firma\u201c. Die Kosten betragen 80.- \u20ac f\u00fcr Mitglieder der APBB und 120.- \u20ac f\u00fcr Nichtmitglieder der APBB. Da es sich um ein APBB-Seminar handelt, m\u00fcssen auch NRW-Besch\u00e4ftigte zahlen.<\/p>\n<p>F\u00fcr R\u00fcckfragen k\u00f6nnen Sie gerne wenden an:<\/p>\n<p>Bibliothek und Informationsvermittlung des Ministeriums f\u00fcr Kinder, Jugend, Familie, Gleichstellung, Flucht und Integration des Landes Nordrhein-Westfalen &amp; des Ministeriums f\u00fcr Wirtschaft, Industrie, Klimaschutz und Energie des Landes Nordrhein-Westfalen<\/p>\n<p>Tel.:\u00a0\u00a0\u00a0\u00a0\u00a0 +49-(0)211-837-2447\u00a0\u00a0\u00a0 und\u00a0\u00a0\u00a0 +49-(0)211-837-2448<\/p>\n<p>E-Mail: \u00a0 <a href=\"mailto:bibliothek@mkjfgfi.nrw.de\">bibliothek@mkjfgfi.nrw.de<\/a><\/p>\n<ul>\n<li><a href=\"https:\/\/www.apbb.de\/weblog\/wp-content\/uploads\/2022\/07\/Seminar_Podcasts_Inhouse_APBB.pdf\">Seminarbeschreibung Podcasts Inhouse APBB<\/a><\/li>\n<li>In der Seminarbeschreibung finden Sie auch den Link zur Anmeldung.<\/li>\n<\/ul>\n<hr \/>\n<p><strong>Fortbildung RDA f\u00fcr juristische Werke<\/strong><\/p>\n<p><strong>Termin<\/strong>: Dienstag, 14. Juni 2022 bis Mittwoch 15. Juni 2022<br \/>\n<strong>Veranstalter:<\/strong> APBB<br \/>\n<strong>Veranstaltungsort:\u00a0<\/strong> Ministerium f\u00fcr Familie, Kinder, Fl\u00fcchtlinge und Integration Nordrhein-Westfalen, D\u00fcsseldorf<\/p>\n<ul>\n<li><a href=\"https:\/\/www.apbb.de\/weblog\/wp-content\/uploads\/2022\/03\/2022_03_07_RDA_Juristische-Werke_Schmidt_Text.pdf\">Weitere Informationen<\/a><\/li>\n<li><a href=\"https:\/\/www.apbb.de\/weblog\/wp-content\/uploads\/2022\/03\/Anmeldung_RDA_2022.docx\">Anmeldung<\/a><\/li>\n<\/ul>\n<hr \/>\n<h1><strong>2021<\/strong><\/h1>\n<hr \/>\n<h1>Zusatztermin Fortbildung &#8222;Urheberrecht in Bibliotheken in \u00f6ffentlichen Institutionen&#8220;<\/h1>\n<p>Termin: 6.12.2021<br \/>\n9:30 bis 13:00 Uhr<br \/>\nDozent: Harald M\u00fcller, Urheberrechtsexperte<\/p>\n<p>Die Veranstaltung wird von der APBB gemeinsam mit der Deutschen Gesellschaft f\u00fcr Information und Wissen (DGI) angeboten.<br \/>\nKosten f\u00fcr Mitglieder: 85 Euro plus 7% MWS<br \/>\nN\u00e4here Informationen und Anmeldung finden Sie unter<br \/>\n<a href=\"https:\/\/dgi-info.de\/event\/urheberrecht-in-bibliotheken-und-staatlichen-institutionen-2\/\">https:\/\/dgi-info.de\/event\/urheberrecht-in-bibliotheken-und-staatlichen-institutionen-2\/<\/a><br \/>\nGeben Sie unter Mitgliedschaft bitte Ihre APBB-Mitgliedernummer ein.<\/p>\n<hr \/>\n<h1>Webinar zum aktuellen Urheberrecht f\u00fcr Bibliotheken in \u00f6ffentlichen Institutionen<\/h1>\n<p>Termin: 11.11.2021<br \/>\n9:30 bis 13:00 Uhr<br \/>\nDozent: Harald M\u00fcller, Urheberrechtsexperte<br \/>\nDie Veranstaltung wird von der APBB gemeinsam mit der Deutschen Gesellschaft f\u00fcr Information und Wissen (DGI) angeboten.<br \/>\nKosten f\u00fcr Mitglieder: 85 Euro plus 7% MWS<br \/>\nN\u00e4here Informationen und Anmeldung finden Sie unter<br \/>\n<a href=\"https:\/\/dgi-info.de\/event\/urheberrecht-in-bibliotheken-und-staatlichen-institutionen\/\">https:\/\/dgi-info.de\/event\/urheberrecht-in-bibliotheken-und-staatlichen-institutionen\/<\/a><br \/>\nGeben Sie unter Mitgliedschaft bitte Ihre APBB-Mitgliedernummer ein.<\/p>\n<hr \/>\n<p><strong>\u00dcberg\u00e4nge gestalten &#8211; die berufliche T\u00e4tigkeit gut abschlie\u00dfen und dann weitergehen<\/strong><\/p>\n<div id=\"attachment_2774\" style=\"width: 310px\" class=\"wp-caption alignnone\"><a href=\"https:\/\/www.apbb.de\/weblog\/wp-content\/uploads\/2020\/06\/b7b0ef4e9d9a7d2e0355193fd806a9c7.jpg\"><img loading=\"lazy\" decoding=\"async\" aria-describedby=\"caption-attachment-2774\" class=\"wp-image-2774 size-medium\" src=\"https:\/\/www.apbb.de\/weblog\/wp-content\/uploads\/2020\/06\/b7b0ef4e9d9a7d2e0355193fd806a9c7-300x169.jpg\" alt=\"\" width=\"300\" height=\"169\" srcset=\"https:\/\/www.apbb.de\/weblog\/wp-content\/uploads\/2020\/06\/b7b0ef4e9d9a7d2e0355193fd806a9c7-300x169.jpg 300w, https:\/\/www.apbb.de\/weblog\/wp-content\/uploads\/2020\/06\/b7b0ef4e9d9a7d2e0355193fd806a9c7-768x433.jpg 768w, https:\/\/www.apbb.de\/weblog\/wp-content\/uploads\/2020\/06\/b7b0ef4e9d9a7d2e0355193fd806a9c7-1024x578.jpg 1024w, https:\/\/www.apbb.de\/weblog\/wp-content\/uploads\/2020\/06\/b7b0ef4e9d9a7d2e0355193fd806a9c7-500x282.jpg 500w\" sizes=\"auto, (max-width: 300px) 100vw, 300px\" \/><\/a><p id=\"caption-attachment-2774\" class=\"wp-caption-text\">Augustinerkloster mit neuem Bibliotheksgeb\u00e4ude im Hintergrund<\/p><\/div>\n<p><strong>Termin:\u00a0<\/strong>30. September \u2013 1. Oktober 2021, jeweils 9.30 Uhr \u2013 16.30 Uhr<\/p>\n<p><strong>Veranstaltungsort: <\/strong>Erfurter Augustinerkloster, der ersten Wirkungsst\u00e4tte Martin Luthers, <a href=\"https:\/\/www.augustinerkloster.de\/tagungsraeume-augustinerkloster-obergeschoss\/#strassburg\">Raum Strassburg<\/a><\/p>\n<p><strong>Referent: <\/strong>Hansj\u00f6rg Auer, ehemaliger\u00a0Seminarleiter, Coach und Mediator in\u00a0der S\u00fcdtiroler Landesverwaltung \/ unterst\u00fctzt durch die<br \/>\n<strong>Moderation: <\/strong>Maria G\u00f6ckeritz, Bibliothek des Th\u00fcringer Landtags<\/p>\n<p>Diese Veranstaltung wird als Workshop durchgef\u00fchrt, mit praktischen Anteilen, der M\u00f6glichkeit zur pers\u00f6nlichen Reflexion und beruflichen R\u00fcckschau in regenerativem Ambiente und mit vertrauten FachkollegInnen.<\/p>\n<p>Sollten Sie planen, in den n\u00e4chsten Jahren in den wohlverdienten (Un-)Ruhestand zu gehen und die von Ihnen aufgebaute oder gef\u00fchrte Beh\u00f6rdenbibliothek in andere H\u00e4nde zu \u00fcbergeben, bekommen Sie \u00a0ganz gewiss bei dieser Veranstaltung viele wertvolle Hinweise.<\/p>\n<p>Die Teilnahme ist f\u00fcr Mitglieder der APBB kostenfrei. Fahrt- und \u00dcbernachtungskosten m\u00fcssen jedoch von den Teilnehmenden getragen werden.<\/p>\n<p>Von Nicht-Mitgliedern wird ein Kostenbeitrag von 50,00 Euro erhoben. Bitte melden Sie sich bis zum <strong>31. August 2021<\/strong> an bei: <a href=\"mailto:Mitglieder@apbb.de\">Mitglieder@apbb.de<\/a>.<\/p>\n<p>Die Anmeldung kann formlos erfolgen, es werden nur Name und Mitgliedsnummer der Bibliothek ben\u00f6tigt.<\/p>\n<p>Im Augustinerkloster k\u00f6nnen Sie <a href=\"https:\/\/www.augustinerkloster.de\/preise-uebernachtungen\/\">Zimmer<\/a> reservieren. Dazu wenden Sie sich bitte direkt an das <a href=\"mailto:veranstaltungen@augustiner.de\">Veranstaltungsmanagement des Augustinerklosters<\/a>. <a href=\"mailto:maria.goeckeritz@thueringer-landtag.de\">Frau G\u00f6ckeritz<\/a> unterst\u00fctzt Sie alternativ gerne mit Informationen zu weiteren \u00dcbernachtungsm\u00f6glichkeiten.<\/p>\n<hr \/>\n<h1><strong>2020<\/strong><\/h1>\n<hr \/>\n<p><strong>Erschlie\u00dfung von juristischen Werken und deren Kommentare nach RDA<br \/>\n<\/strong><\/p>\n<p><em><strong>Muss leider aufgrund des Corona-Virus verschoben werden! Neuer Termin wird rechtzeitig bekannt gegeben.<br \/>\n<\/strong><\/em><\/p>\n<p><strong>Termin<\/strong>: Dienstag, 31.03.2020,\u00a0 09:30 Uhr\u00a0 &#8211; 17 Uhr. <strong>Veranstalter: <\/strong>Arbeitsgemeinschaft der Parlaments- und Beh\u00f6rdenbibliotheken. \u2013 <strong>Veranstaltungsort:\u00a0<\/strong> Landtag Rheinland-Pfalz, Mainz<\/p>\n<p>Weitere Informationen: <a href=\"https:\/\/www.apbb.de\/weblog\/wp-content\/uploads\/2020\/01\/RDA_Juristische-Werke_Schmidt_Text.pdf\">RDA_Juristische Werke_Schmidt_Text<\/a><\/p>\n<p>Anmeldung: <a href=\"https:\/\/www.apbb.de\/weblog\/wp-content\/uploads\/2020\/01\/Anmeldung_RDA_2020.docx\">Anmeldung_RDA_2020<\/a><\/p>\n<p>F\u00fcr R\u00fcckfragen steht Frau Bernhardt gerne zur Verf\u00fcgung:<\/p>\n<p>Bibliothek und Informationsvermittlung<br \/>\ndes Ministeriums f\u00fcr Kinder, Familie, Fl\u00fcchtlinge und Integration des Landes Nordrhein-Westfalen &amp; des Ministeriums f\u00fcr Wirtschaft, Innovation, Digitalisierung und Energie des Landes Nordrhein-Westfalen<\/p>\n<p>Tel.:\u00a0\u00a0\u00a0\u00a0\u00a0 +49-(0)211-837-2447<br \/>\nFax:\u00a0\u00a0\u00a0\u00a0\u00a0 +49-(0)211-837-662447<br \/>\nE-Mail:\u00a0\u00a0 <a href=\"mailto:erika.bernhardt@mkffi.nrw.de\">erika.bernhardt@mkffi.nrw.de<\/a><\/p>\n<hr \/>\n<h1>\u00a0<strong>2019<\/strong><\/h1>\n<hr \/>\n<p><strong>Urheberrecht in Parlaments- und Beh\u00f6rdenbibliotheken<br \/>\n<\/strong><\/p>\n<p><strong>Termin<\/strong>: Montag, 23.09.2019,\u00a0 09:30 Uhr\u00a0 \u2013 17 Uhr. <strong>Veranstalter: <\/strong>Arbeitsgemeinschaft der Parlaments- und Beh\u00f6rdenbibliotheken. \u2013 <strong>Veranstaltungsort:\u00a0<\/strong> Landtag von Sachsen-Anhalt, Magdeburg<\/p>\n<p>Weitere Informationen: <a href=\"https:\/\/www.apbb.de\/weblog\/wp-content\/uploads\/2019\/07\/870d5bb9a7a6b0e490edb6094e134d22.pdf\">Urheberrecht_M\u00fcller_2019<\/a><\/p>\n<p>Anmeldung: <a href=\"https:\/\/www.apbb.de\/weblog\/wp-content\/uploads\/2019\/07\/Anmeldung_Urheberrecht_2019.docx\">Anmeldung_Urheberrecht_2019<\/a><\/p>\n<p>F\u00fcr R\u00fcckfragen steht Frau Bernhardt gerne zur Verf\u00fcgung:<\/p>\n<p>Bibliothek und Informationsvermittlung<br \/>\ndes Ministeriums f\u00fcr Kinder, Familie, Fl\u00fcchtlinge<br \/>\nund Integration des Landes Nordrhein-Westfalen &amp;des Ministeriums f\u00fcr Wirtschaft, Innovation, Digitalisierung und Energie des Landes Nordrhein-Westfalen<\/p>\n<p>Tel.:\u00a0\u00a0\u00a0\u00a0\u00a0 +49-(0)211-837-2447<br \/>\nFax:\u00a0\u00a0\u00a0\u00a0\u00a0 +49-(0)211-837-662447<br \/>\nE-Mail:\u00a0\u00a0 <a href=\"https:\/\/www.apbb.de\/weblog\/blocked::blocked::mailto:erika.bernhardt@mfkjks.nrw.de\">erika.bernhardt@mkffi.nrw.de<\/a><\/p>\n<p><strong>Einf\u00fchrung in das internationale Regelwerk \u201eRessource Description and Access\u201c (RDA)<br \/>\n<\/strong><\/p>\n<p><strong>Termin<\/strong>: 06.06.2019,\u00a0 09 Uhr 30 \u2013 voraussichtlich 17 Uhr. <strong>Veranstalter: <\/strong>Arbeitsgemeinschaft der Parlaments- und Beh\u00f6rdenbibliotheken. \u2013 <strong>Veranstaltungsort:\u00a0<\/strong> Landtag Rheinland-Pfalz, Diether-von-Isenburg-Stra\u00dfe 1, 55116 Mainz Raum 0.59.<\/p>\n<p><a href=\"https:\/\/www.apbb.de\/weblog\/wp-content\/uploads\/2019\/06\/88bd67491826f7a89208eea0dc6c5d46.pptx\">Pr\u00e4sentation_2019_06_06_1<\/a><\/p>\n<p><a href=\"https:\/\/www.apbb.de\/weblog\/wp-content\/uploads\/2019\/06\/9e2dd102811ce606069394bdd4ed9d28.pptx\">Pr\u00e4sentation_2019_06_06_2<\/a><\/p>\n<p>Weitere Informationen: <a href=\"https:\/\/www.apbb.de\/weblog\/wp-content\/uploads\/2019\/05\/RDA_Schmidt_Text-1.pdf\">RDA_Schmidt_Text<\/a><\/p>\n<p>Anmeldung: <a href=\"https:\/\/www.apbb.de\/weblog\/wp-content\/uploads\/2019\/05\/Anmeldung_APBB_RDA.docx\">RDA_2019_Anmeldung<\/a><\/p>\n<hr \/>\n<h1>\u00a0<strong>2018<\/strong><\/h1>\n<hr \/>\n<p><strong>Urheberrecht in Parlaments- und Beh\u00f6rdenbibliotheken<br \/>\n<\/strong><\/p>\n<p><strong>Termin<\/strong>: 29.10.2018,\u00a0 Beginn: 09 Uhr 30. <strong>Veranstalter: <\/strong>Arbeitsgemeinschaft der Parlaments- und Beh\u00f6rdenbibliotheken. \u2013 <strong>Veranstaltungsort:\u00a0<\/strong> Statistisches Bundesamt, Gustav-Stresemann-Ring 11, 65189 Wiesbaden. Raum F04.208.<\/p>\n<p>Weitere Informationen: <a href=\"https:\/\/www.apbb.de\/weblog\/wp-content\/uploads\/2018\/05\/494f94b01bb87d9ee22ccc6c04e14399.pdf\">Urheberrecht_M\u00fcller_2018<\/a><\/p>\n<p>Anmeldung: <a href=\"https:\/\/www.apbb.de\/weblog\/wp-content\/uploads\/2018\/05\/Urheberrecht_2018_Anmeldung.docx\">Urheberrecht_2018_Anmeldung<\/a><\/p>\n<hr \/>\n<h1>\u00a0<strong>2017<\/strong><\/h1>\n<hr \/>\n<p><span style=\"color: #000000;\"><strong>Allegro C :\u00a0<\/strong> eine Fortbildung mit Bernhard Eversberg<\/span><\/p>\n<p><strong>Themen: <\/strong>Allegro und der KOBV (10:00 bis 11:30)<strong> &#8211; <\/strong>Allegro und RDA (ab 11:30 Uhr) &#8211; Allegro und Migration &#8211; Allegro und die Bibliotheksverb\u00fcnde &#8211; <strong>Termin:<\/strong> Freitag, 17.3.2017 von 10:00 bis 16:30 Uhr &#8211; <strong>Veranstalter<\/strong>: Allegro-Anwender und -Anwenderinnen &#8211; <strong>Ort<\/strong>: MPI f\u00fcr Kolloid- und Grenzfl\u00e4chenforschung,\u00a0Am M\u00fchlenberg 1, 14476 Potsdam &#8211; <strong>Referent:<\/strong> Bernhard Eversberg<\/p>\n<p><strong>Anmeldung per Mail an:<\/strong> mail@viz.charlottenburg-wilmersdorf.de, mit der Betreffzeile: Allegro-Fortbildung, T 030-9029-12420<\/p>\n<p><strong>Monitoring und Recherche auf\/von Social Media Platt-formen<\/strong><\/p>\n<p><strong>Termin<\/strong>: 29.9.2017, \u00a0<strong>Veranstalter: <\/strong>Arbeitsgemeinschaft der Parlaments- und Beh\u00f6rdenbibliotheken in Kooperation mit dem ZBIW der TH K\u00f6ln. &#8211; <strong>Veranstaltungsort:\u00a0<\/strong> Ministerium f\u00fcr Familie, Kinder, Jugend, Kultur und Sport NRW, Bibliothek und Informationsvermittlung, Haroldstra\u00dfe 4, 40213 D\u00fcsseldorf, Raum 100 . Weitere Informationen: <a href=\"https:\/\/www.apbb.de\/weblog\/?attachment_id=2153\" rel=\"attachment wp-att-2153\">Seminar_Bergmann_2017<\/a><\/p>\n<hr \/>\n<p><strong>2016<\/strong><\/p>\n<hr \/>\n<p><strong>Arbeitsorganisation 2.0<\/strong><\/p>\n<p>FORTBILDUNG IN BERLIN AM 4. UND 5. FEBRUAR 2016<br \/>\nElektronische Tools f\u00fcr Beh\u00f6rdenbibliotheken : Kollaboratives Arbeiten im Team<\/p>\n<p>Steigern Sie Ihre Produktivit\u00e4t durch den cleveren Einsatz von webbasierten Diensten im Arbeitsalltag. Social Software spielt nicht nur im Privatbereich eine immer gr\u00f6\u00dfere Rolle, sie kann auch genutzt werden, um kollaborative Arbeitsumgebungen aufzubauen. In diesem Seminar lernen Sie in einer kleinen Gruppe (max. 11 Personen) die wichtigsten Werkzeuge f\u00fcr eine webbasierte Arbeitsorganisation kennen und nutzen. Dar\u00fcber hinaus werden den Seminar-Teilnehmern und -Teilnehmerinnen Tipps und Tricks aus der langj\u00e4hrigen Praxiserfahrung der Trainerin mit diesen Werkzeugen vermittelt. Lernen Sie, wie Sie Online-Dienste sinnvoll in Ihre pers\u00f6nlichen Arbeitsabl\u00e4ufe einbinden k\u00f6nnen.<\/p>\n<hr \/>\n<h1>\u00a0<strong>2015<\/strong><\/h1>\n<hr \/>\n<p><strong>Elektronische Zeitschriftenverwaltung in Parlaments- und Beh\u00f6rdenbibliotheken \u2013 von der Erwerbung bis zur Bereitstellung f\u00fcr die Kunden<\/strong> <strong>Dozentinnen<\/strong><\/p>\n<ul>\n<li>Marion M\u00fcller M.A., Universit\u00e4ts- und Landesbibliothek D\u00fcsseldorf Fachreferat Politikwissenschaften, Integrierte Medienbearbeitung \u2013 Zeitschriften<\/li>\n<li>Elvira Roszig Bibliothek des Nieders\u00e4chsischen Landesrechnungshofes, Hildesheim<\/li>\n<li>Gudrun Tammer, Bibliothek der Deutschen Rentenversicherung Bund, Berlin<\/li>\n<\/ul>\n<p><strong>Ort:<\/strong>\u00a0 Ministerium f\u00fcr Familie, Kinder, Jugend, Kultur und Sport NRW, Bibliothek und Informationsvermittlung,\u00a0 Haroldstr. 4, 40213 D\u00fcsseldorf, Raum 615 <strong>Termin<\/strong>: 22.10.2015 \u2013 23.10.2015 Anmeldung:\u00a0 bis sp\u00e4testens 20.09.2015<\/p>\n<ul>\n<li><a href=\"https:\/\/www.apbb.de\/weblog\/wp-content\/uploads\/2011\/07\/Fobi1-2015.pdf\" target=\"_blank\" rel=\"noopener\">Vollst\u00e4ndige Beschreibung<\/a> (PDF)<\/li>\n<li><a href=\"https:\/\/www.fh-koeln.de\/weiterbildung\/elektronische-zeitschriftenverwaltung-in-parlaments--und-behoerdenbibliotheken--von-der-erwerbung-bis-zur-bereitstellung-fuer-die-kunden_23347.php\" target=\"_blank\" rel=\"noopener\">Internetseite des ZBIW<\/a><\/li>\n<\/ul>\n<hr \/>\n<h1>\u00a0<strong>2013<\/strong><\/h1>\n<hr \/>\n<p><strong>E-Mail-Marketing Schritt f\u00fcr Schritt &#8211; ein Workshop<\/strong> <strong>Termin:<\/strong> 10.10.2013 &#8211; 11.10.2013 <strong>Veranstalter: <\/strong>Initiative Fortbildung f\u00fcr wissenschaftliche Spezialbibliotheken und verwandte Einrichtungen e.V. <strong>Veranstaltungsort:<\/strong> Berlin Weitere Informationen finden Sie <a title=\"E-Mail-Marketing\" href=\"http:\/\/www.initiativefortbildung.de\/pdf\/2013\/E-Mail_Marketing.pdf \">hier.<\/a><\/p>\n<hr \/>\n<h1><strong>Elektronische Medien in Parlaments- und Beh\u00f6rdenbibliotheken \u2013 von der Erwerbung bis zur Bereitstellung f\u00fcr die Kundinnen und Kunden<\/strong><\/h1>\n<p><strong>Termin:<\/strong> 19.09.2013 &#8211; 20.09.2013 <strong>Veranstalter:<\/strong> Kooperationsveranstaltung der APBB und des ZBIW der FH K\u00f6ln <strong>Veranstaltungsort:<\/strong> Ministerium f\u00fcr Familie, Kinder, Jugend, Kultur und Sport NRW, Bibliothek und Informationsvermittlung Haroldstr. 4, 40213 D\u00fcsseldorf, Raum 112 Weitere Informationen finden Sie unter: <a href=\"https:\/\/www.apbb.de\/weblog\/wp-content\/uploads\/2011\/07\/ZBIW_11.15_Seminarprogramm1.pdf\">ZBIW_11.15_Seminarprogramm<\/a> <a href=\"https:\/\/www.apbb.de\/weblog\/wp-content\/uploads\/2011\/07\/ZBIW_11.15_Seminarbeschreibung.pdf\">ZBIW_11.15_Seminarbeschreibung<\/a><\/p>\n<h1><strong>\u00a0<\/strong><\/h1>\n<hr \/>\n<h1>\u00a0<strong>2012<\/strong><\/h1>\n<hr \/>\n<h1><\/h1>\n<h2><strong>Workshop &#8222;<\/strong>Informationsdienste erstellen mit Yahoo Pipes&#8220;<\/h2>\n<p><strong>Referent:<\/strong> Stefan Goetz, Bibliothek des Nieders. Ministeriums f\u00fcr Ern\u00e4hrung, Landwirtschaft, Verbraucherschutz und Landesentwicklung <strong>Inhalt:<\/strong>\u00a0Die Teilnehmer erfahren, wie sie mit Yahoo Pipes Inhalte aus unterschiedlichen Quellen kombinieren k\u00f6nnen. Bibliothekskataloge, Datenbanken, Nachrichtenportale und einzelne Webseiten werden herangezogen, um neue, auf einen pers\u00f6nlichen Informationsbedarf zugeschnittene Informationsangebote zu erzeugen. Zun\u00e4chst werden die grafische Arbeitsoberfl\u00e4che von Yahoo Pipes sowie die verschiedenen Module und ihre Funktionen vorgestellt. Danach wird gezeigt, wie Daten unterschiedlicher Formate extrahiert werden k\u00f6nnen, die anschlie\u00dfend durch Mischen, Sortieren, Filtern etc. aufbereitet werden. Schlie\u00dflich\u00a0werden die Daten in unterschiedlichen Formen pr\u00e4sentiert: Als HTML-Seite, als RSS-Feed oder als Widget. Vor Beginn des Workshops sollte jeder Teilnehmer ein Yahoo-Konto angelegt haben. http:\/\/de.yahoo.com\/\u00a0&#8211;&gt; Registrieren Spezielle Vorkenntnisse sind f\u00fcr die Teilnahme an diesem Workshop nicht erforderlich. Wer sich schon vorher Yahoo Pipes besch\u00e4ftigen will, findet in der letzten Ausgabe der APBB-Mitteilungen (Nr. 108) eine Einf\u00fchrung in das Thema. Zudem gibt es im WWW zahlreiche (Video-)Tutorials zu Yahoo Pipes. <strong>Termin:<\/strong> 20.9.bis 21.09, Beginn: 20.09.,\u00a0\u00a013.00 Uhr <strong>Veranstaltungsort:\u00a0<\/strong>Hessischer Landtag, Schlossplatz 1-3, 65183 Wiesbaden, <a title=\"Hessischer Landtag\" href=\"http:\/\/goo.gl\/maps\/qCv4\" target=\"_blank\" rel=\"noopener\">Karte<\/a> Die Teilnahme ist f\u00fcr APBB-Mitglieder kostenlos. Bitte <strong>Anmeldungen<\/strong> per Mail an: J.Kaestner(bitte einsetzen)ltg.hessen.de<\/p>\n<h1><strong>\u00a0<\/strong><\/h1>\n<hr \/>\n<h1>\u00a0<strong>2011<\/strong><\/h1>\n<hr \/>\n<h1><\/h1>\n<p><strong>Das Auskunftsinterview\u00a0&#8211; sicher und gewandt im Kundenkontakt in Parlaments- und Beh\u00f6rdenbibliotheken<\/strong> <strong>Zielgruppe und Voraussetzungen<\/strong> Besch\u00e4ftigte in Parlaments- und Beh\u00f6rdenbibliotheken, die im Auskunftsbereich eingesetzt werden. <strong>Lernziel<\/strong> Die Teilnehmenden kennen die Bedeutung und Struktur des Auskunftsinterviews und erlernen Gespr\u00e4chstechniken zur sicheren Steuerung der Beratungssituation. <strong>Inhalt:<\/strong> Das Auskunftsinterview ist in Bibliotheken ein wichtiger Service und ein zentraler Kundenkontakt. Nicht immer wissen die Kunden im Gespr\u00e4ch genau welche Informationen in welcher Form Sie ben\u00f6tigen. Umso wichtiger ist die beratende Gespr\u00e4chskompetenz im Kundenkontakt. Der Bedarf der Kunden wird im Gespr\u00e4ch erfragt und herausgearbeitet. Zum sicheren Umgang im Gespr\u00e4ch besch\u00e4ftigen wir uns mit folgenden Themen:<\/p>\n<ul>\n<li>Was ist das Auskunftsinterview?<\/li>\n<li>Wie steuern Sie das Gespr\u00e4ch?<\/li>\n<li>K\u00f6rpersprachliche Signale verstehen und einsetzen<\/li>\n<li>Atmosph\u00e4rische St\u00f6rungen erkennen<\/li>\n<li>L\u00f6sungsorientiertes Verhalten im Gespr\u00e4ch<\/li>\n<li>Gespr\u00e4che beenden k\u00f6nnen<\/li>\n<li>Fragetechniken<\/li>\n<li>Gespr\u00e4chsleitfaden<\/li>\n<\/ul>\n<p>Kooperationsveranstaltung der APBB und dem ZBIW der FH K\u00f6ln Referentin: Christiane Brockerhoff, Duisburg Seminargr\u00f6\u00dfe: 12 Termin: 09.11.2011 Veranstaltungsort: Ministerium Familie, Kinder, Jugend, Kultur und Sport des Landes Nordrhein-Westfalen, Haroldstr. 4, 40213 D\u00fcsseldorf Kosten: Mitglieder der APBB\u00a0 40,- \u20ac, andere Teilnehmer: 70,- \u20ac Anmeldefrist: 05.10.2011 Bitte melden Sie sich \u00fcber das Formular f\u00fcr externe Teilnehmer auf folgender Internetseite an: <a href=\"http:\/\/www.fbi.fh-koeln.de\/zbiw\/AnmeldungZBIW_extern.pdf\">http:\/\/www.fbi.fh-koeln.de\/zbiw\/AnmeldungZBIW_extern.pdf\u00a0<\/a> <strong>Internetangebot:<\/strong> <a href=\"http:\/\/www.fbi.fh-koeln.de\/zbiw\/AnmeldungZBIW_extern.pdf\" target=\"_blank&quot;\" rel=\"noopener\">http:\/\/www.fbi.fh-koeln.de\/zbiw\/AnmeldungZBIW_extern.pdf<\/a><\/p>\n<hr \/>\n<hr \/>\n<hr \/>\n<hr \/>","protected":false},"excerpt":{"rendered":"<p>2025 APBB-Workshop 2025 \u201eScience tracking \u2013 Problem- und Handlungsfelder in Bibliotheken\u201c Wann: Donnerstag, 6. November 2025Uhrzeit: 9:30\u201313:30 UhrWo: Online (via Jabber)Teilnahmeberechtigte: APBB-Mitglieder Worum geht es?Zun\u00e4chst wird das Ph\u00e4nomen Science Tracking (die Nachverfolgung von Aktivit\u00e4ten aufdigitalen Plattformen, die z. B. von Wissenschaftsverlagen angeboten werden)charakterisiert, anschlie\u00dfend geht es um die spezifischen Problemfelder, die sich f\u00fcrBibliothekar*innen aus dem Tracking von Hausangeh\u00f6rigen ergeben. Zudem sollen dasBewusstsein und die Aufmerksamkeit f\u00fcr das Thema erh\u00f6ht werden. Auch aktiveMa\u00dfnahmen gegen Tracking werden angesprochen. Wie ist die Vorgehensweise?Das Format gestaltet sich durch den fachlichen Input der Vortragenden und den direktanschlie\u00dfenden Fragen der Teilnehmenden. Das Gespr\u00e4chsformat kann allgemeineFragen beantworten und generelle Strukturen offenlegen. Wegen der unterschiedlichenpolitischen und IT-technischen Strukturen &hellip; <a href=\"https:\/\/www.apbb.de\/weblog\/?page_id=819\">Weiterlesen <span class=\"meta-nav\">&rarr;<\/span><\/a><\/p>\n","protected":false},"author":2,"featured_media":0,"parent":47,"menu_order":1,"comment_status":"closed","ping_status":"closed","template":"","meta":{"footnotes":""},"class_list":["post-819","page","type-page","status-publish","hentry"],"_links":{"self":[{"href":"https:\/\/www.apbb.de\/weblog\/index.php?rest_route=\/wp\/v2\/pages\/819","targetHints":{"allow":["GET"]}}],"collection":[{"href":"https:\/\/www.apbb.de\/weblog\/index.php?rest_route=\/wp\/v2\/pages"}],"about":[{"href":"https:\/\/www.apbb.de\/weblog\/index.php?rest_route=\/wp\/v2\/types\/page"}],"author":[{"embeddable":true,"href":"https:\/\/www.apbb.de\/weblog\/index.php?rest_route=\/wp\/v2\/users\/2"}],"replies":[{"embeddable":true,"href":"https:\/\/www.apbb.de\/weblog\/index.php?rest_route=%2Fwp%2Fv2%2Fcomments&post=819"}],"version-history":[{"count":46,"href":"https:\/\/www.apbb.de\/weblog\/index.php?rest_route=\/wp\/v2\/pages\/819\/revisions"}],"predecessor-version":[{"id":5167,"href":"https:\/\/www.apbb.de\/weblog\/index.php?rest_route=\/wp\/v2\/pages\/819\/revisions\/5167"}],"up":[{"embeddable":true,"href":"https:\/\/www.apbb.de\/weblog\/index.php?rest_route=\/wp\/v2\/pages\/47"}],"wp:attachment":[{"href":"https:\/\/www.apbb.de\/weblog\/index.php?rest_route=%2Fwp%2Fv2%2Fmedia&parent=819"}],"curies":[{"name":"wp","href":"https:\/\/api.w.org\/{rel}","templated":true}]}}